{"id":99,"date":"2023-08-24T11:54:23","date_gmt":"2023-08-24T09:54:23","guid":{"rendered":"https:\/\/rockland-danse.fr\/?page_id=99"},"modified":"2026-09-01T09:44:12","modified_gmt":"2026-09-01T07:44:12","slug":"les-professeurs","status":"publish","type":"page","link":"https:\/\/rockland-danse.fr\/index.php\/les-professeurs\/","title":{"rendered":"Nos Professeurs"},"content":{"rendered":"<div class=\"et_pb_section_0 et_pb_section et_section_regular et_block_section\">\n<div class=\"et_pb_row_0 et_pb_row et_block_row\">\n<div class=\"et_pb_column_0 et_pb_column et_pb_column_4_4 et-last-child et_block_column et_pb_css_mix_blend_mode_passthrough preset--module--divi-column--default\">\n<div class=\"et_pb_text_0 et_pb_text et_pb_bg_layout_light et_pb_module et_block_module et_pb_text_align_center-tablet et_pb_text_align_center-phone preset--module--divi-text--c16985e1-e0d6-4022-964d-e2bfc04fa633\"><div class=\"et_pb_text_inner\"><h1>Nos Professeurs<\/h1>\n<\/div><\/div>\n<\/div>\n<\/div>\n\n<div class=\"et_pb_row_1 et_pb_row et_block_row\">\n<div class=\"et_pb_column_1 et_pb_column et_pb_column_4_4 et-last-child et_block_column et_pb_css_mix_blend_mode_passthrough preset--module--divi-column--default\">\n<div class=\"et_pb_image_0 et_pb_image et_pb_module et_block_module\"><a href=\"https:\/\/rockland-danse.fr\/index.php\/_muriel-duclos_\/\"><span class=\"et_pb_image_wrap\"><img decoding=\"async\" src=\"https:\/\/rockland-danse.fr\/wp-content\/uploads\/2023\/09\/Muriel-1.jpg\" width=\"1327\" height=\"394\" srcset=\"https:\/\/rockland-danse.fr\/wp-content\/uploads\/2023\/09\/Muriel-1.jpg 1327w, https:\/\/rockland-danse.fr\/wp-content\/uploads\/2023\/09\/Muriel-1-1280x380.jpg 1280w, https:\/\/rockland-danse.fr\/wp-content\/uploads\/2023\/09\/Muriel-1-980x291.jpg 980w, https:\/\/rockland-danse.fr\/wp-content\/uploads\/2023\/09\/Muriel-1-480x143.jpg 480w\" sizes=\"(min-width: 0px) and (max-width: 480px) 480px, (min-width: 481px) and (max-width: 980px) 980px, (min-width: 981px) and (max-width: 1280px) 1280px, (min-width: 1281px) 1327px, 100vw\" class=\"wp-image-373\" title=\"Muriel-1\" \/><\/span><\/a><\/div>\n\n<div class=\"et_pb_text_1 et_pb_text et_pb_bg_layout_light et_pb_module et_block_module preset--module--divi-text--64e32d62-45da-4723-a702-ee241743d660\"><div class=\"et_pb_text_inner\"><h6 style=\"text-align: center;\">Muriel Duclos<\/h6>\n<\/div><\/div>\n\n<div class=\"et_pb_text_2 et_pb_text et_pb_bg_layout_light et_pb_module et_block_module preset--module--divi-text--4c43b4b6-66bf-432d-959a-705bda24a650\"><div class=\"et_pb_text_inner\"><p>Muriel cr\u00e9e le studio \u00ab Notre R\u00eave \u00bb en cassant les murs du Rockland et en cr\u00e9ant \u00ab Studio Rockland \u00bb. Le d\u00e9but d\u2019une autre Belle aventure. Elle souhaite diriger cette \u00e9cole avec bienveillance mais avec toujours en t\u00eate \u2026 l\u2019excellence.<\/p>\n<\/div><\/div>\n\n<div class=\"et_pb_module et_pb_button_module_wrapper et_pb_button_0_wrapper preset--module--divi-button--31b4f027-aaa0-4f2f-ae02-959764e19e4f_wrapper\"><a class=\"et_pb_button_0 et_pb_button et_pb_bg_layout_light et_pb_module et_block_module preset--module--divi-button--31b4f027-aaa0-4f2f-ae02-959764e19e4f\" href=\"https:\/\/rockland-danse.fr\/index.php\/_muriel-duclos_\/\">En savoir plus<\/a><\/div>\n<\/div>\n<\/div>\n\n<div class=\"et_pb_row_2 et_pb_row et_block_row\">\n<div class=\"et_pb_column_2 et_pb_column et_pb_column_1_2 et_block_column et_pb_css_mix_blend_mode_passthrough preset--module--divi-column--default\">\n<div class=\"et_pb_image_1 et_pb_image et_pb_module et_block_module\"><a href=\"https:\/\/rockland-danse.fr\/index.php\/_salsa-emilie-et-olivier_\/\"><span class=\"et_pb_image_wrap\"><img decoding=\"async\" src=\"https:\/\/rockland-danse.fr\/wp-content\/uploads\/2026\/07\/Emilie-Rock.jpeg\" width=\"1189\" height=\"1364\" srcset=\"https:\/\/rockland-danse.fr\/wp-content\/uploads\/2026\/07\/Emilie-Rock.jpeg 1189w, https:\/\/rockland-danse.fr\/wp-content\/uploads\/2026\/07\/Emilie-Rock-980x1124.jpeg 980w, https:\/\/rockland-danse.fr\/wp-content\/uploads\/2026\/07\/Emilie-Rock-480x551.jpeg 480w\" sizes=\"(min-width: 0px) and (max-width: 480px) 480px, (min-width: 481px) and (max-width: 980px) 980px, (min-width: 981px) 1189px, 100vw\" class=\"wp-image-4757\" title=\"* Emilie Rock\" \/><\/span><\/a><\/div>\n\n<div class=\"et_pb_image_2 et_pb_image et_pb_module et_block_module\"><a href=\"https:\/\/rockland-danse.fr\/index.php\/_salsa-emilie-et-olivier_\/\"><span class=\"et_pb_image_wrap\"><img decoding=\"async\" src=\"https:\/\/rockland-danse.fr\/wp-content\/uploads\/2026\/07\/olivier_salsa.jpg\" width=\"1526\" height=\"1526\" srcset=\"https:\/\/rockland-danse.fr\/wp-content\/uploads\/2026\/07\/olivier_salsa.jpg 1526w, https:\/\/rockland-danse.fr\/wp-content\/uploads\/2026\/07\/olivier_salsa-1280x1280.jpg 1280w, https:\/\/rockland-danse.fr\/wp-content\/uploads\/2026\/07\/olivier_salsa-980x980.jpg 980w, https:\/\/rockland-danse.fr\/wp-content\/uploads\/2026\/07\/olivier_salsa-480x480.jpg 480w\" sizes=\"(min-width: 0px) and (max-width: 480px) 480px, (min-width: 481px) and (max-width: 980px) 980px, (min-width: 981px) and (max-width: 1280px) 1280px, (min-width: 1281px) 1526px, 100vw\" class=\"wp-image-4740\" title=\"olivier_salsa\" \/><\/span><\/a><\/div>\n<\/div>\n\n<div class=\"et_pb_column_3 et_pb_column et_pb_column_1_2 et-last-child et_block_column et_pb_css_mix_blend_mode_passthrough preset--module--divi-column--default\">\n<div class=\"et_pb_text_3 et_pb_text et_pb_bg_layout_light et_pb_module et_block_module preset--module--divi-text--64e32d62-45da-4723-a702-ee241743d660\"><div class=\"et_pb_text_inner\"><h6>Emilie : Rock mardi 20h30; inter 21h30<\/h6>\n<h6>Olivier : Salsa\u00a0 jeudi 19h30;\u00a0 inter 20h30<\/h6>\n<\/div><\/div>\n\n<div class=\"et_pb_text_4 et_pb_text et_pb_bg_layout_light et_pb_module et_block_module preset--module--divi-text--4c43b4b6-66bf-432d-959a-705bda24a650\"><div class=\"et_pb_text_inner\"><p><span>Ils se sont rencontr\u00e9s lors d\u2019une soir\u00e9e salsa. Depuis Septembre 2015, ils ont int\u00e9gr\u00e9 le corps professoral de \u00ab Rockland \u00bb en tant que professeurs de salsa puis professeurs de rock swing.<\/span><\/p>\n<\/div><\/div>\n\n<div class=\"et_pb_module et_pb_button_module_wrapper et_pb_button_1_wrapper preset--module--divi-button--31b4f027-aaa0-4f2f-ae02-959764e19e4f_wrapper\"><a class=\"et_pb_button_1 et_pb_button et_pb_bg_layout_light et_pb_module et_block_module preset--module--divi-button--31b4f027-aaa0-4f2f-ae02-959764e19e4f\" href=\"https:\/\/rockland-danse.fr\/index.php\/_salsa-emilie-et-olivier_\">En savoir plus<\/a><\/div>\n<\/div>\n<\/div>\n\n<div class=\"et_pb_row_3 et_pb_row et_block_row\">\n<div class=\"et_pb_column_4 et_pb_column et_pb_column_1_2 et_block_column et_pb_css_mix_blend_mode_passthrough preset--module--divi-column--default\">\n<div class=\"et_pb_image_3 et_pb_image et_pb_image_sticky et_pb_module et_block_module\"><a href=\"https:\/\/rockland-danse.fr\/index.php\/_contemporain-lola-fournier_\/\"><span class=\"et_pb_image_wrap\"><img decoding=\"async\" src=\"https:\/\/rockland-danse.fr\/wp-content\/uploads\/2026\/07\/Elisabeth-Boubila.jpeg\" width=\"336\" height=\"375\" srcset=\"https:\/\/rockland-danse.fr\/wp-content\/uploads\/2026\/07\/Elisabeth-Boubila.jpeg 336w, https:\/\/rockland-danse.fr\/wp-content\/uploads\/2026\/07\/Elisabeth-Boubila-269x300.jpeg 269w\" sizes=\"(max-width: 336px) 100vw, 336px\" class=\"wp-image-4723\" title=\"* Elisabeth Boubila\" \/><\/span><\/a><\/div>\n<\/div>\n\n<div class=\"et_pb_column_5 et_pb_column et_pb_column_1_2 et-last-child et_block_column et_pb_css_mix_blend_mode_passthrough preset--module--divi-column--default\">\n<div class=\"et_pb_text_5 et_pb_text et_pb_bg_layout_light et_pb_module et_block_module preset--module--divi-text--64e32d62-45da-4723-a702-ee241743d660\"><div class=\"et_pb_text_inner\"><h6>Elisabeth Boubila<\/h6>\n<h6>Contemporain mardi 20h15, Contempo Kids mercredi 16h<\/h6>\n<p>&nbsp;<\/p>\n<\/div><\/div>\n\n<div class=\"et_pb_text_6 et_pb_text et_pb_bg_layout_light et_pb_module et_block_module preset--module--divi-text--4c43b4b6-66bf-432d-959a-705bda24a650\"><div class=\"et_pb_text_inner\"><p><span>EAT en 2022, Elisabeth est Dipl\u00f4m\u00e9e d\u2019Etat en danse contemporaine depuis 2026. Cr\u00e9ative, bienveillante et exigeante elle pr\u00e9pare autant les d\u00e9butants amateurs que les pr\u00e9-pro ou les professionnels.<\/span><\/p>\n<\/div><\/div>\n\n<div class=\"et_pb_module et_pb_button_module_wrapper et_pb_button_2_wrapper preset--module--divi-button--31b4f027-aaa0-4f2f-ae02-959764e19e4f_wrapper\"><a class=\"et_pb_button_2 et_pb_button et_pb_bg_layout_light et_pb_module et_block_module preset--module--divi-button--31b4f027-aaa0-4f2f-ae02-959764e19e4f\" href=\"https:\/\/rockland-danse.fr\/index.php\/_contemporain-lola-fournier_\/\">En savoir plus<\/a><\/div>\n<\/div>\n<\/div>\n\n<div class=\"et_pb_row_4 et_pb_row et_block_row\">\n<div class=\"et_pb_column_6 et_pb_column et_pb_column_1_2 et_block_column et_pb_css_mix_blend_mode_passthrough preset--module--divi-column--default\">\n<div class=\"et_pb_image_4 et_pb_image et_pb_module et_block_module\"><a href=\"https:\/\/rockland-danse.fr\/index.php\/_danse-d-expression-africaine-laura_\/\"><span class=\"et_pb_image_wrap\"><img decoding=\"async\" src=\"https:\/\/rockland-danse.fr\/wp-content\/uploads\/2023\/09\/Laura.png\" width=\"400\" height=\"313\" srcset=\"https:\/\/rockland-danse.fr\/wp-content\/uploads\/2023\/09\/Laura.png 400w, https:\/\/rockland-danse.fr\/wp-content\/uploads\/2023\/09\/Laura-300x235.png 300w\" sizes=\"(max-width: 400px) 100vw, 400px\" class=\"wp-image-389\" title=\"Laura\" \/><\/span><\/a><\/div>\n<\/div>\n\n<div class=\"et_pb_column_7 et_pb_column et_pb_column_1_2 et-last-child et_block_column et_pb_css_mix_blend_mode_passthrough preset--module--divi-column--default\">\n<div class=\"et_pb_text_7 et_pb_text et_pb_bg_layout_light et_pb_module et_block_module preset--module--divi-text--64e32d62-45da-4723-a702-ee241743d660\"><div class=\"et_pb_text_inner\"><h6>Laura<\/h6>\n<h6>Danse d'expression africaine<\/h6>\n<h6>Lundi 19h30<\/h6>\n<\/div><\/div>\n\n<div class=\"et_pb_text_8 et_pb_text et_pb_bg_layout_light et_pb_module et_block_module preset--module--divi-text--4c43b4b6-66bf-432d-959a-705bda24a650\"><div class=\"et_pb_text_inner\"><p>.<\/p>\n<\/div><\/div>\n\n<div class=\"et_pb_module et_pb_button_module_wrapper et_pb_button_3_wrapper preset--module--divi-button--31b4f027-aaa0-4f2f-ae02-959764e19e4f_wrapper\"><a class=\"et_pb_button_3 et_pb_button et_pb_bg_layout_light et_pb_module et_block_module preset--module--divi-button--31b4f027-aaa0-4f2f-ae02-959764e19e4f\" href=\"https:\/\/rockland-danse.fr\/index.php\/_danse-d-expression-africaine-laura_\/\">En savoir plus<\/a><\/div>\n<\/div>\n<\/div>\n\n<div class=\"et_pb_row_5 et_pb_row et_block_row\">\n<div class=\"et_pb_column_8 et_pb_column et_pb_column_1_2 et_block_column et_pb_css_mix_blend_mode_passthrough preset--module--divi-column--default\">\n<div class=\"et_pb_image_5 et_pb_image et_pb_module et_block_module\"><a href=\"https:\/\/rockland-danse.fr\/index.php\/_rock-damien-et-cecile_\/\"><span class=\"et_pb_image_wrap\"><img decoding=\"async\" src=\"https:\/\/rockland-danse.fr\/wp-content\/uploads\/2026\/07\/Victoria-T.jpeg\" width=\"913\" height=\"678\" srcset=\"https:\/\/rockland-danse.fr\/wp-content\/uploads\/2026\/07\/Victoria-T.jpeg 913w, https:\/\/rockland-danse.fr\/wp-content\/uploads\/2026\/07\/Victoria-T-480x356.jpeg 480w\" sizes=\"(min-width: 0px) and (max-width: 480px) 480px, (min-width: 481px) 913px, 100vw\" class=\"wp-image-4792\" title=\"Screenshot\" \/><\/span><\/a><\/div>\n<\/div>\n\n<div class=\"et_pb_column_9 et_pb_column et_pb_column_1_2 et-last-child et_block_column et_pb_css_mix_blend_mode_passthrough preset--module--divi-column--default\">\n<div class=\"et_pb_text_9 et_pb_text et_pb_bg_layout_light et_pb_module et_block_module preset--module--divi-text--64e32d62-45da-4723-a702-ee241743d660\"><div class=\"et_pb_text_inner\"><h6>Victoria Thorrud<\/h6>\n<h6>Contemporary Jazz Lundi 20h30<\/h6>\n<h6>Fusion Contemporain vendredi 19h30<\/h6>\n<\/div><\/div>\n\n<div class=\"et_pb_text_10 et_pb_text et_pb_bg_layout_light et_pb_module et_block_module preset--module--divi-text--4c43b4b6-66bf-432d-959a-705bda24a650\"><div class=\"et_pb_text_inner\"><p>Chor\u00e9graphe &amp; Professeure de Danse d'origine norv\u00e9gienne, Victoria s'installe en France \u00e0 l'\u00e2ge de 13 ans. C'est \u00e0 cet instant pr\u00e9cis qu'elle trouve dans le mouvement son langage le plus juste.<\/p>\n<\/div><\/div>\n\n<div class=\"et_pb_module et_pb_button_module_wrapper et_pb_button_4_wrapper preset--module--divi-button--31b4f027-aaa0-4f2f-ae02-959764e19e4f_wrapper\"><a class=\"et_pb_button_4 et_pb_button et_pb_bg_layout_light et_pb_module et_block_module preset--module--divi-button--31b4f027-aaa0-4f2f-ae02-959764e19e4f\" href=\"https:\/\/rockland-danse.fr\/index.php\/_rock-damien-et-cecile_\/\">En savoir plus<\/a><\/div>\n<\/div>\n<\/div>\n\n<div class=\"et_pb_row_6 et_pb_row et_block_row\">\n<div class=\"et_pb_column_10 et_pb_column et_pb_column_1_2 et_block_column et_pb_css_mix_blend_mode_passthrough preset--module--divi-column--default\">\n<div class=\"et_pb_image_6 et_pb_image et_pb_module et_block_module\"><a href=\"https:\/\/rockland-danse.fr\/index.php\/_jazz-emma-delaunay_\/\"><span class=\"et_pb_image_wrap\"><img decoding=\"async\" src=\"https:\/\/rockland-danse.fr\/wp-content\/uploads\/2024\/06\/Emma-red_.jpeg\" width=\"333\" height=\"500\" srcset=\"https:\/\/rockland-danse.fr\/wp-content\/uploads\/2024\/06\/Emma-red_.jpeg 333w, https:\/\/rockland-danse.fr\/wp-content\/uploads\/2024\/06\/Emma-red_-200x300.jpeg 200w\" sizes=\"(max-width: 333px) 100vw, 333px\" class=\"wp-image-2407\" title=\"Emma-red_\" \/><\/span><\/a><\/div>\n<\/div>\n\n<div class=\"et_pb_column_11 et_pb_column et_pb_column_1_2 et-last-child et_block_column et_pb_css_mix_blend_mode_passthrough preset--module--divi-column--default\">\n<div class=\"et_pb_text_11 et_pb_text et_pb_bg_layout_light et_pb_module et_block_module preset--module--divi-text--64e32d62-45da-4723-a702-ee241743d660\"><div class=\"et_pb_text_inner\"><h6>EMMA Delaunay<\/h6>\n<h6>Modern'jazz Kids Lundi 18h00<\/h6>\n<h6>Street Jazz Lundi 19H00<\/h6>\n<h6>Modern'Jazz ado-Adultes Lundi 20H45<\/h6>\n<\/div><\/div>\n\n<div class=\"et_pb_text_12 et_pb_text et_pb_bg_layout_light et_pb_module et_block_module preset--module--divi-text--4c43b4b6-66bf-432d-959a-705bda24a650\"><\/div>\n\n<div class=\"et_pb_module et_pb_button_module_wrapper et_pb_button_5_wrapper preset--module--divi-button--31b4f027-aaa0-4f2f-ae02-959764e19e4f_wrapper\"><a class=\"et_pb_button_5 et_pb_button et_pb_bg_layout_light et_pb_module et_block_module preset--module--divi-button--31b4f027-aaa0-4f2f-ae02-959764e19e4f\" href=\"https:\/\/rockland-danse.fr\/index.php\/_jazz-emma-delaunay_\/\">En savoir plus <\/a><\/div>\n<\/div>\n<\/div>\n\n<div class=\"et_pb_row_7 et_pb_row et_block_row\">\n<div class=\"et_pb_column_12 et_pb_column et_pb_column_1_2 et_block_column et_pb_css_mix_blend_mode_passthrough preset--module--divi-column--default\">\n<div class=\"et_pb_image_7 et_pb_image et_pb_module et_block_module\"><a href=\"https:\/\/rockland-danse.fr\/index.php\/_munz-floor-juliette_\/\"><span class=\"et_pb_image_wrap\"><img decoding=\"async\" src=\"https:\/\/rockland-danse.fr\/wp-content\/uploads\/2026\/04\/Ophelie-3-1.jpg\" width=\"1448\" height=\"1663\" srcset=\"https:\/\/rockland-danse.fr\/wp-content\/uploads\/2026\/04\/Ophelie-3-1.jpg 1448w, https:\/\/rockland-danse.fr\/wp-content\/uploads\/2026\/04\/Ophelie-3-1-1280x1470.jpg 1280w, https:\/\/rockland-danse.fr\/wp-content\/uploads\/2026\/04\/Ophelie-3-1-980x1126.jpg 980w, https:\/\/rockland-danse.fr\/wp-content\/uploads\/2026\/04\/Ophelie-3-1-480x551.jpg 480w\" sizes=\"(min-width: 0px) and (max-width: 480px) 480px, (min-width: 481px) and (max-width: 980px) 980px, (min-width: 981px) and (max-width: 1280px) 1280px, (min-width: 1281px) 1448px, 100vw\" class=\"wp-image-4525\" title=\"Ophe\u0301lie 3*\" \/><\/span><\/a><\/div>\n<\/div>\n\n<div class=\"et_pb_column_13 et_pb_column et_pb_column_1_2 et-last-child et_block_column et_pb_css_mix_blend_mode_passthrough preset--module--divi-column--default\">\n<div class=\"et_pb_text_13 et_pb_text et_pb_bg_layout_light et_pb_module et_block_module preset--module--divi-text--64e32d62-45da-4723-a702-ee241743d660\"><div class=\"et_pb_text_inner\"><h6>Oph\u00e9lie Crispin<\/h6>\n<h6>Cours de commercial<\/h6>\n<h6>Mercredi 18h30-19h30 et jeudi 12h30-13h30<\/h6>\n<h6><\/h6>\n<p>&nbsp;<\/p>\n<\/div><\/div>\n\n<div class=\"et_pb_text_14 et_pb_text et_pb_bg_layout_light et_pb_module et_block_module preset--module--divi-text--4c43b4b6-66bf-432d-959a-705bda24a650\"><div class=\"et_pb_text_inner\"><p><em>Oph\u00e9lie Crispin est une artiste fran\u00e7aise pluridisciplinaire. Chor\u00e9graphe, danseuse et p\u00e9dagogue, elle voyage entre danse, com\u00e9die musicale, th\u00e9\u00e2tre et chor\u00e9graphie pour l\u2019image.<\/em><\/p>\n<\/div><\/div>\n\n<div class=\"et_pb_module et_pb_button_module_wrapper et_pb_button_6_wrapper preset--module--divi-button--31b4f027-aaa0-4f2f-ae02-959764e19e4f_wrapper\"><a class=\"et_pb_button_6 et_pb_button et_pb_bg_layout_light et_pb_module et_block_module preset--module--divi-button--31b4f027-aaa0-4f2f-ae02-959764e19e4f\" href=\"https:\/\/rockland-danse.fr\/index.php\/_commercial-ophelie-crispin_\/\">En savoir plus<\/a><\/div>\n<\/div>\n<\/div>\n\n<div class=\"et_pb_row_8 et_pb_row et_block_row\">\n<div class=\"et_pb_column_14 et_pb_column et_pb_column_1_2 et_block_column et_pb_css_mix_blend_mode_passthrough preset--module--divi-column--default\">\n<div class=\"et_pb_image_8 et_pb_image et_pb_module et_block_module\"><a href=\"https:\/\/rockland-danse.fr\/index.php\/_danse-africaine-alain-moum\/\"><span class=\"et_pb_image_wrap\"><img decoding=\"async\" src=\"https:\/\/rockland-danse.fr\/wp-content\/uploads\/2026\/07\/Jorry-et-Fede.jpg\" width=\"992\" height=\"1488\" srcset=\"https:\/\/rockland-danse.fr\/wp-content\/uploads\/2026\/07\/Jorry-et-Fede.jpg 992w, https:\/\/rockland-danse.fr\/wp-content\/uploads\/2026\/07\/Jorry-et-Fede-980x1470.jpg 980w, https:\/\/rockland-danse.fr\/wp-content\/uploads\/2026\/07\/Jorry-et-Fede-480x720.jpg 480w\" sizes=\"(min-width: 0px) and (max-width: 480px) 480px, (min-width: 481px) and (max-width: 980px) 980px, (min-width: 981px) 992px, 100vw\" class=\"wp-image-4828\" title=\"Jorry et Fede\" \/><\/span><\/a><\/div>\n<\/div>\n\n<div class=\"et_pb_column_15 et_pb_column et_pb_column_1_2 et-last-child et_block_column et_pb_css_mix_blend_mode_passthrough preset--module--divi-column--default\">\n<div class=\"et_pb_text_15 et_pb_text et_pb_bg_layout_light et_pb_module et_block_module preset--module--divi-text--64e32d62-45da-4723-a702-ee241743d660\"><div class=\"et_pb_text_inner\"><h6>Jorry et Federica<\/h6>\n<h6>Semba mardi 21h30<\/h6>\n<h6>Salsa Cubaine mercredi d\u00e9butants 20h30,<\/h6>\n<h6>inter 21h30\u00a0<\/h6>\n<p>&nbsp;<\/p>\n<\/div><\/div>\n\n<div class=\"et_pb_text_16 et_pb_text et_pb_bg_layout_light et_pb_module et_block_module preset--module--divi-text--4c43b4b6-66bf-432d-959a-705bda24a650\"><div class=\"et_pb_text_inner\"><p>.<\/p>\n<\/div><\/div>\n\n<div class=\"et_pb_module et_pb_button_module_wrapper et_pb_button_7_wrapper preset--module--divi-button--31b4f027-aaa0-4f2f-ae02-959764e19e4f_wrapper\"><a class=\"et_pb_button_7 et_pb_button et_pb_bg_layout_light et_pb_module et_block_module preset--module--divi-button--31b4f027-aaa0-4f2f-ae02-959764e19e4f\" href=\"https:\/\/rockland-danse.fr\/index.php\/_danse-africaine-alain-moum\/\">En savoir plus<\/a><\/div>\n<\/div>\n<\/div>\n\n<div class=\"et_pb_row_9 et_pb_row et_block_row\">\n<div class=\"et_pb_column_16 et_pb_column et_pb_column_1_2 et_block_column et_pb_css_mix_blend_mode_passthrough preset--module--divi-column--default\">\n<div class=\"et_pb_image_9 et_pb_image et_pb_module et_block_module\"><a href=\"https:\/\/rockland-danse.fr\/index.php\/_hip-hop-wanda_\/\"><span class=\"et_pb_image_wrap\"><img decoding=\"async\" src=\"https:\/\/rockland-danse.fr\/wp-content\/uploads\/2023\/09\/Design-sans-titre-10.png\" width=\"400\" height=\"313\" srcset=\"https:\/\/rockland-danse.fr\/wp-content\/uploads\/2023\/09\/Design-sans-titre-10.png 400w, https:\/\/rockland-danse.fr\/wp-content\/uploads\/2023\/09\/Design-sans-titre-10-300x235.png 300w\" sizes=\"(max-width: 400px) 100vw, 400px\" class=\"wp-image-456\" title=\"Design sans titre (10)\" \/><\/span><\/a><\/div>\n<\/div>\n\n<div class=\"et_pb_column_17 et_pb_column et_pb_column_1_2 et-last-child et_block_column et_pb_css_mix_blend_mode_passthrough preset--module--divi-column--default\">\n<div class=\"et_pb_text_17 et_pb_text et_pb_bg_layout_light et_pb_module et_block_module preset--module--divi-text--64e32d62-45da-4723-a702-ee241743d660\"><div class=\"et_pb_text_inner\"><h6>Wanda<\/h6>\n<h6>Hip-hop Kids jeudi 17h<\/h6>\n<h6>Hip hop Ado-Adultes jeudi 18h<\/h6>\n<p>&nbsp;<\/p>\n<\/div><\/div>\n\n<div class=\"et_pb_text_18 et_pb_text et_pb_bg_layout_light et_pb_module et_block_module preset--module--divi-text--4c43b4b6-66bf-432d-959a-705bda24a650\"><div class=\"et_pb_text_inner\"><p>.<\/p>\n<\/div><\/div>\n\n<div class=\"et_pb_module et_pb_button_module_wrapper et_pb_button_8_wrapper preset--module--divi-button--31b4f027-aaa0-4f2f-ae02-959764e19e4f_wrapper\"><a class=\"et_pb_button_8 et_pb_button et_pb_bg_layout_light et_pb_module et_block_module preset--module--divi-button--31b4f027-aaa0-4f2f-ae02-959764e19e4f\" href=\"https:\/\/rockland-danse.fr\/index.php\/_hip-hop-wanda_\/\">En savoir plus<\/a><\/div>\n<\/div>\n<\/div>\n\n<div class=\"et_pb_row_10 et_pb_row et_block_row\">\n<div class=\"et_pb_column_18 et_pb_column et_pb_column_1_2 et_block_column et_pb_css_mix_blend_mode_passthrough preset--module--divi-column--default\">\n<div class=\"et_pb_image_10 et_pb_image et_pb_module et_block_module\"><a href=\"https:\/\/rockland-danse.fr\/index.php\/_capoeria-professor-fino_\/\"><span class=\"et_pb_image_wrap\"><img decoding=\"async\" src=\"https:\/\/rockland-danse.fr\/wp-content\/uploads\/2026\/08\/Carla-Marchaudon-scaled.jpg\" title=\"* Carla Marchaudon\" width=\"2880\" height=\"2741\" srcset=\"https:\/\/rockland-danse.fr\/wp-content\/uploads\/2026\/08\/Carla-Marchaudon-scaled.jpg 2880w, https:\/\/rockland-danse.fr\/wp-content\/uploads\/2026\/08\/Carla-Marchaudon-1280x1218.jpg 1280w, https:\/\/rockland-danse.fr\/wp-content\/uploads\/2026\/08\/Carla-Marchaudon-980x933.jpg 980w, https:\/\/rockland-danse.fr\/wp-content\/uploads\/2026\/08\/Carla-Marchaudon-480x457.jpg 480w\" sizes=\"(min-width: 0px) and (max-width: 480px) 480px, (min-width: 481px) and (max-width: 980px) 980px, (min-width: 981px) and (max-width: 1280px) 1280px, (min-width: 1281px) 2880px, 100vw\" class=\"wp-image-4978\" \/><\/span><\/a><\/div>\n<\/div>\n\n<div class=\"et_pb_column_19 et_pb_column et_pb_column_1_2 et-last-child et_block_column et_pb_css_mix_blend_mode_passthrough preset--module--divi-column--default\">\n<div class=\"et_pb_text_19 et_pb_text et_pb_bg_layout_light et_pb_module et_block_module preset--module--divi-text--64e32d62-45da-4723-a702-ee241743d660\"><div class=\"et_pb_text_inner\"><h6>Carla Marchaudon<\/h6>\n<h6><\/h6>\n<h6>\"Contempo avanc\u00e9\" Samedi 14h 30<\/h6>\n<\/div><\/div>\n\n\n\n<div class=\"et_pb_module et_pb_button_module_wrapper et_pb_button_9_wrapper preset--module--divi-button--31b4f027-aaa0-4f2f-ae02-959764e19e4f_wrapper\"><a class=\"et_pb_button_9 et_pb_button et_pb_bg_layout_light et_pb_module et_block_module preset--module--divi-button--31b4f027-aaa0-4f2f-ae02-959764e19e4f\" href=\"https:\/\/rockland-danse.fr\/index.php\/_carla-marchaudon-contempo-avance\/\">En savoir plus<\/a><\/div>\n<\/div>\n<\/div>\n\n<div class=\"et_pb_row_11 et_pb_row et_block_row\">\n<div class=\"et_pb_column_20 et_pb_column et_pb_column_1_2 et_block_column et_pb_css_mix_blend_mode_passthrough preset--module--divi-column--default\">\n<div class=\"et_pb_image_11 et_pb_image et_pb_module et_block_module\"><a href=\"https:\/\/rockland-danse.fr\/index.php\/_capoeria-professor-fino_\/\"><span class=\"et_pb_image_wrap\"><img decoding=\"async\" src=\"https:\/\/rockland-danse.fr\/wp-content\/uploads\/2026\/03\/Nattalie4-scaled.jpg\" width=\"2880\" height=\"2169\" srcset=\"https:\/\/rockland-danse.fr\/wp-content\/uploads\/2026\/03\/Nattalie4-scaled.jpg 2880w, https:\/\/rockland-danse.fr\/wp-content\/uploads\/2026\/03\/Nattalie4-1280x964.jpg 1280w, https:\/\/rockland-danse.fr\/wp-content\/uploads\/2026\/03\/Nattalie4-980x738.jpg 980w, https:\/\/rockland-danse.fr\/wp-content\/uploads\/2026\/03\/Nattalie4-480x362.jpg 480w\" sizes=\"(min-width: 0px) and (max-width: 480px) 480px, (min-width: 481px) and (max-width: 980px) 980px, (min-width: 981px) and (max-width: 1280px) 1280px, (min-width: 1281px) 2880px, 100vw\" class=\"wp-image-4442\" title=\"*Nattalie4\" \/><\/span><\/a><\/div>\n<\/div>\n\n<div class=\"et_pb_column_21 et_pb_column et_pb_column_1_2 et-last-child et_block_column et_pb_css_mix_blend_mode_passthrough preset--module--divi-column--default\">\n<div class=\"et_pb_text_21 et_pb_text et_pb_bg_layout_light et_pb_module et_block_module preset--module--divi-text--64e32d62-45da-4723-a702-ee241743d660\"><div class=\"et_pb_text_inner\"><h6>Natalie Flynn\u00a0<\/h6>\n<h6><\/h6>\n<h6>\"Ballet class kids\" vendredi 17h\u00a0<\/h6>\n<\/div><\/div>\n\n\n\n<div class=\"et_pb_module et_pb_button_module_wrapper et_pb_button_10_wrapper preset--module--divi-button--31b4f027-aaa0-4f2f-ae02-959764e19e4f_wrapper\"><a class=\"et_pb_button_10 et_pb_button et_pb_bg_layout_light et_pb_module et_block_module preset--module--divi-button--31b4f027-aaa0-4f2f-ae02-959764e19e4f\" href=\"https:\/\/rockland-danse.fr\/index.php\/_capoeria-professor-fino_\/\">En savoir plus<\/a><\/div>\n<\/div>\n<\/div>\n\n<div class=\"et_pb_row_12 et_pb_row et_block_row\">\n<div class=\"et_pb_column_22 et_pb_column et_pb_column_1_2 et_block_column et_pb_css_mix_blend_mode_passthrough preset--module--divi-column--default\">\n<div class=\"et_pb_image_12 et_pb_image et_pb_module et_block_module\"><span class=\"et_pb_image_wrap\"><img decoding=\"async\" src=\"https:\/\/rockland-danse.fr\/wp-content\/uploads\/2025\/09\/Julie-2.jpeg\" width=\"753\" height=\"955\" srcset=\"https:\/\/rockland-danse.fr\/wp-content\/uploads\/2025\/09\/Julie-2.jpeg 753w, https:\/\/rockland-danse.fr\/wp-content\/uploads\/2025\/09\/Julie-2-480x609.jpeg 480w\" sizes=\"(min-width: 0px) and (max-width: 480px) 480px, (min-width: 481px) 753px, 100vw\" class=\"wp-image-4086\" title=\"Julie 2\" \/><\/span><\/div>\n<\/div>\n\n<div class=\"et_pb_column_23 et_pb_column et_pb_column_1_2 et-last-child et_block_column et_pb_css_mix_blend_mode_passthrough preset--module--divi-column--default\">\n<div class=\"et_pb_text_23 et_pb_text et_pb_bg_layout_light et_pb_module et_block_module preset--module--divi-text--64e32d62-45da-4723-a702-ee241743d660\"><div class=\"et_pb_text_inner\"><h6><span style=\"font-size: large;\"><strong>Julie Cazaux<\/strong><\/span><span style=\"font-size: large;\"><strong><\/strong><\/span><\/h6>\n<p><span style=\"font-size: large;\"><strong>Artiste invit\u00e9e<\/strong><\/span><\/p>\n<h6><span style=\"font-size: large;\"><strong>\u00a0<\/strong><\/span><\/h6>\n<\/div><\/div>\n\n<div class=\"et_pb_text_24 et_pb_text et_pb_bg_layout_light et_pb_module et_block_module preset--module--divi-text--64e32d62-45da-4723-a702-ee241743d660\"><div class=\"et_pb_text_inner\"><h6><span style=\"font-size: large;\"><strong>\u00a0<\/strong><\/span><\/h6>\n<h6><span style=\"font-size: large;\"><strong>\u00a0<\/strong><\/span><\/h6>\n<\/div><\/div>\n\n<div class=\"et_pb_text_25 et_pb_text et_pb_bg_layout_light et_pb_module et_block_module preset--module--divi-text--4c43b4b6-66bf-432d-959a-705bda24a650\"><div class=\"et_pb_text_inner\"><p>Form\u00e9e au \"Monde de la Danse\" cette Belle danseuse professeur de Danse dipl\u00f4m\u00e9e d'\u00c9tat en 2023 partage sa Passion avec vous pendant ses classes exceptionnelles.\u00a0<\/p>\n<p><span style=\"font-size: 24.0pt; font-family: 'French Script MT'; color: #1d2228;\"><o:p><\/o:p><\/span><\/p>\n<p><span>\u00a0<\/span><\/p>\n<\/div><\/div>\n<\/div>\n<\/div>\n\n<div class=\"et_pb_row_13 et_pb_row et_block_row\">\n<div class=\"et_pb_column_24 et_pb_column et_pb_column_1_2 et_block_column et_pb_css_mix_blend_mode_passthrough preset--module--divi-column--default\">\n<div class=\"et_pb_image_13 et_pb_image et_pb_module et_block_module\"><span class=\"et_pb_image_wrap\"><img decoding=\"async\" src=\"https:\/\/rockland-danse.fr\/wp-content\/uploads\/2024\/07\/Antonio-Alvarado-au-japon.png\" width=\"1094\" height=\"1594\" srcset=\"https:\/\/rockland-danse.fr\/wp-content\/uploads\/2024\/07\/Antonio-Alvarado-au-japon.png 1094w, https:\/\/rockland-danse.fr\/wp-content\/uploads\/2024\/07\/Antonio-Alvarado-au-japon-980x1428.png 980w, https:\/\/rockland-danse.fr\/wp-content\/uploads\/2024\/07\/Antonio-Alvarado-au-japon-480x699.png 480w\" sizes=\"(min-width: 0px) and (max-width: 480px) 480px, (min-width: 481px) and (max-width: 980px) 980px, (min-width: 981px) 1094px, 100vw\" class=\"wp-image-2816\" title=\"Antonio Alvarado au japon\" \/><\/span><\/div>\n<\/div>\n\n<div class=\"et_pb_column_25 et_pb_column et_pb_column_1_2 et-last-child et_block_column et_pb_css_mix_blend_mode_passthrough preset--module--divi-column--default\">\n<div class=\"et_pb_text_26 et_pb_text et_pb_bg_layout_light et_pb_module et_block_module preset--module--divi-text--64e32d62-45da-4723-a702-ee241743d660\"><div class=\"et_pb_text_inner\"><h6><span style=\"font-size: large;\"><strong>Antonio Alvarado<\/strong><\/span><span style=\"font-size: large;\"><strong><\/strong><\/span><\/h6>\n<p><span style=\"font-size: large;\"><strong>Artiste invit\u00e9<br \/><\/strong><\/span><\/p>\n<h6><span style=\"font-size: large;\"><strong>\u00a0<\/strong><\/span><\/h6>\n<\/div><\/div>\n\n<div class=\"et_pb_text_27 et_pb_text et_pb_bg_layout_light et_pb_module et_block_module preset--module--divi-text--64e32d62-45da-4723-a702-ee241743d660\"><div class=\"et_pb_text_inner\"><h6><span style=\"font-size: large;\"><strong>\u00a0<\/strong><\/span><\/h6>\n<h6><span style=\"font-size: large;\"><strong>\u00a0<\/strong><\/span><\/h6>\n<\/div><\/div>\n\n<div class=\"et_pb_text_28 et_pb_text et_pb_bg_layout_light et_pb_module et_block_module preset--module--divi-text--4c43b4b6-66bf-432d-959a-705bda24a650\"><div class=\"et_pb_text_inner\"><p>Antonio Alvarado Chor\u00e9graphe, Ma\u00eetre de Ballet du Grand Th\u00e9\u00e2tre de Limoges de l\u2019Op\u00e9ra de Toulon Danseur Etoile du Th\u00e9\u00e2tre Mogador, de l\u2019Op\u00e9ra de Nice, de Dijon, de Limoges et Toulon Danseur Etoile des Ar\u00e8nes de V\u00e9rone. Coach de Ji Young Kim et Yon Geol Kim 1er Prix Couple du Concours International de Paris 1998 Coach d\u2019Emilie Cozette \u2013 1er Prix Junior du Concours International de Paris 1998 Coach d\u2019Aurore Cordellier \u2013 1er Prix Junior du Concours International de Paris 2000. P\u00e9dagogue International, Ma\u00eetre des Ma\u00eetres de l\u2019Institut Colombien de Danse Classique de Ballet Classique, de Cali. Un des tr\u00e8s rares Professeurs \u00e9trangers \u00e0 la Compagnie \u00e0 avoir donn\u00e9 cours au Ballet National de Cuba, invit\u00e9 par sa Directrice Alicia Alonso.<\/p>\n<p><span style=\"font-size: 24.0pt; font-family: 'French Script MT'; color: #1d2228;\"><o:p><\/o:p><\/span><\/p>\n<p><span>\u00a0<\/span><\/p>\n<\/div><\/div>\n<\/div>\n<\/div>\n\n<div class=\"et_pb_row_14 et_pb_row et_block_row\">\n<div class=\"et_pb_column_26 et_pb_column et_pb_column_1_2 et_block_column et_pb_css_mix_blend_mode_passthrough preset--module--divi-column--default\">\n<div class=\"et_pb_image_14 et_pb_image et_pb_image_sticky et_pb_module et_block_module\"><span class=\"et_pb_image_wrap\"><img decoding=\"async\" src=\"https:\/\/rockland-danse.fr\/wp-content\/uploads\/2025\/08\/1-Portrait-4.jpg\" width=\"1900\" height=\"1901\" srcset=\"https:\/\/rockland-danse.fr\/wp-content\/uploads\/2025\/08\/1-Portrait-4.jpg 1900w, https:\/\/rockland-danse.fr\/wp-content\/uploads\/2025\/08\/1-Portrait-4-1280x1281.jpg 1280w, https:\/\/rockland-danse.fr\/wp-content\/uploads\/2025\/08\/1-Portrait-4-980x981.jpg 980w, https:\/\/rockland-danse.fr\/wp-content\/uploads\/2025\/08\/1-Portrait-4-480x480.jpg 480w\" sizes=\"(min-width: 0px) and (max-width: 480px) 480px, (min-width: 481px) and (max-width: 980px) 980px, (min-width: 981px) and (max-width: 1280px) 1280px, (min-width: 1281px) 1900px, 100vw\" class=\"wp-image-3943\" title=\"1 Portrait 4\" \/><\/span><\/div>\n<\/div>\n\n<div class=\"et_pb_column_27 et_pb_column et_pb_column_1_2 et-last-child et_block_column et_pb_css_mix_blend_mode_passthrough preset--module--divi-column--default\">\n<div class=\"et_pb_text_29 et_pb_text et_pb_bg_layout_light et_pb_module et_block_module preset--module--divi-text--64e32d62-45da-4723-a702-ee241743d660\"><div class=\"et_pb_text_inner\"><h6>\u00a0Tancredo Tavarez<\/h6>\n<h6><\/h6>\n<h6>Modern m\u00e9thode Martha Graham<\/h6>\n<h6>En cours exceptionnels<\/h6>\n<p>&nbsp;<\/p>\n<h6><\/h6>\n<h6><\/h6>\n<h6><\/h6>\n<p>&nbsp;<\/p>\n<\/div><\/div>\n\n<div class=\"et_pb_module et_pb_button_module_wrapper et_pb_button_11_wrapper preset--module--divi-button--31b4f027-aaa0-4f2f-ae02-959764e19e4f_wrapper\"><a class=\"et_pb_button_11 et_pb_button et_pb_bg_layout_light et_pb_module et_block_module preset--module--divi-button--31b4f027-aaa0-4f2f-ae02-959764e19e4f\" href=\"https:\/\/rockland-danse.fr\/index.php\/_bachata-baby-yoga-et-yoga-parent-enfant\/\">En savoir plus<\/a><\/div>\n<\/div>\n<\/div>\n\n<div class=\"et_pb_row_15 et_pb_row et_block_row\">\n<div class=\"et_pb_column_28 et_pb_column et_pb_column_1_2 et_block_column et_pb_css_mix_blend_mode_passthrough preset--module--divi-column--default\">\n<div class=\"et_pb_image_15 et_pb_image et_pb_module et_block_module\"><a href=\"https:\/\/rockland-danse.fr\/index.php\/_munz-floor-juliette_\/\"><span class=\"et_pb_image_wrap\"><img decoding=\"async\" src=\"https:\/\/rockland-danse.fr\/wp-content\/uploads\/2024\/09\/MUNZFLOOR2.jpg\" width=\"1072\" height=\"2217\" srcset=\"https:\/\/rockland-danse.fr\/wp-content\/uploads\/2024\/09\/MUNZFLOOR2.jpg 1072w, https:\/\/rockland-danse.fr\/wp-content\/uploads\/2024\/09\/MUNZFLOOR2-980x2027.jpg 980w, https:\/\/rockland-danse.fr\/wp-content\/uploads\/2024\/09\/MUNZFLOOR2-480x993.jpg 480w\" sizes=\"(min-width: 0px) and (max-width: 480px) 480px, (min-width: 481px) and (max-width: 980px) 980px, (min-width: 981px) 1072px, 100vw\" class=\"wp-image-3084\" title=\"Juliette\" \/><\/span><\/a><\/div>\n<\/div>\n\n<div class=\"et_pb_column_29 et_pb_column et_pb_column_1_2 et-last-child et_block_column et_pb_css_mix_blend_mode_passthrough preset--module--divi-column--default\">\n<div class=\"et_pb_text_30 et_pb_text et_pb_bg_layout_light et_pb_module et_block_module preset--module--divi-text--64e32d62-45da-4723-a702-ee241743d660\"><div class=\"et_pb_text_inner\"><h6>Juliette<\/h6>\n<h6>Cours exceptionnels MUNZ FLOOR\u00ae<\/h6>\n<h6><\/h6>\n<p>&nbsp;<\/p>\n<\/div><\/div>\n\n<div class=\"et_pb_text_31 et_pb_text et_pb_bg_layout_light et_pb_module et_block_module preset--module--divi-text--4c43b4b6-66bf-432d-959a-705bda24a650\"><div class=\"et_pb_text_inner\"><p>.<\/p>\n<\/div><\/div>\n\n<div class=\"et_pb_module et_pb_button_module_wrapper et_pb_button_12_wrapper preset--module--divi-button--31b4f027-aaa0-4f2f-ae02-959764e19e4f_wrapper\"><a class=\"et_pb_button_12 et_pb_button et_pb_bg_layout_light et_pb_module et_block_module preset--module--divi-button--31b4f027-aaa0-4f2f-ae02-959764e19e4f\" href=\"https:\/\/rockland-danse.fr\/index.php\/_munz-floor-juliette_\/\">En savoir plus<\/a><\/div>\n<\/div>\n<\/div>\n\n<div class=\"et_pb_row_16 et_pb_row et_block_row\">\n<div class=\"et_pb_column_30 et_pb_column et_pb_column_1_2 et_block_column et_pb_css_mix_blend_mode_passthrough preset--module--divi-column--default\">\n<div class=\"et_pb_image_16 et_pb_image et_pb_module et_block_module\"><a href=\"https:\/\/rockland-danse.fr\/index.php\/_lindy-lola-et-berenger_\/\"><span class=\"et_pb_image_wrap\"><img decoding=\"async\" src=\"https:\/\/rockland-danse.fr\/wp-content\/uploads\/2023\/09\/WhatsApp-Image-2023-09-06-at-10.44.40.jpeg\" width=\"828\" height=\"1026\" srcset=\"https:\/\/rockland-danse.fr\/wp-content\/uploads\/2023\/09\/WhatsApp-Image-2023-09-06-at-10.44.40.jpeg 828w, https:\/\/rockland-danse.fr\/wp-content\/uploads\/2023\/09\/WhatsApp-Image-2023-09-06-at-10.44.40-480x595.jpeg 480w\" sizes=\"(min-width: 0px) and (max-width: 480px) 480px, (min-width: 481px) 828px, 100vw\" class=\"wp-image-399\" title=\"WhatsApp Image 2023-09-06 at 10.44.40\" \/><\/span><\/a><\/div>\n<\/div>\n\n<div class=\"et_pb_column_31 et_pb_column et_pb_column_1_2 et-last-child et_block_column et_pb_css_mix_blend_mode_passthrough preset--module--divi-column--default\">\n<div class=\"et_pb_text_32 et_pb_text et_pb_bg_layout_light et_pb_module et_block_module preset--module--divi-text--64e32d62-45da-4723-a702-ee241743d660\"><div class=\"et_pb_text_inner\"><h6>Chlo\u00e9 et son excellente barre au sol Pilates en cours exceptionnels<\/h6>\n<p>&nbsp;<\/p>\n<h6><\/h6>\n<\/div><\/div>\n\n<div class=\"et_pb_text_33 et_pb_text et_pb_bg_layout_light et_pb_module et_block_module preset--module--divi-text--4c43b4b6-66bf-432d-959a-705bda24a650\"><div class=\"et_pb_text_inner\"><p><span>\u00a0D\u00e9couvrez son univers<br \/><\/span><\/p>\n<\/div><\/div>\n\n<div class=\"et_pb_module et_pb_button_module_wrapper et_pb_button_13_wrapper preset--module--divi-button--31b4f027-aaa0-4f2f-ae02-959764e19e4f_wrapper\"><a class=\"et_pb_button_13 et_pb_button et_pb_bg_layout_light et_pb_module et_block_module preset--module--divi-button--31b4f027-aaa0-4f2f-ae02-959764e19e4f\" href=\"https:\/\/rockland-danse.fr\/index.php\/_lindy-lola-et-berenger_\/\">En savoir plus<\/a><\/div>\n<\/div>\n<\/div>\n\n<div class=\"et_pb_row_17 et_pb_row et_block_row\">\n<div class=\"et_pb_column_32 et_pb_column et_pb_column_4_4 et-last-child et_block_column et_pb_css_mix_blend_mode_passthrough preset--module--divi-column--default\">\n<div class=\"et_pb_text_34 et_pb_text et_pb_bg_layout_light et_pb_module et_block_module et_pb_text_align_center-tablet et_pb_text_align_center-phone preset--module--divi-text--c16985e1-e0d6-4022-964d-e2bfc04fa633\"><div class=\"et_pb_text_inner\"><h1>Nos partenaires<\/h1>\n<\/div><\/div>\n<\/div>\n<\/div>\n\n<div class=\"et_pb_row_18 et_pb_row et_pb_row_4col et_block_row et_block_row_4col\">\n<div class=\"et_pb_column_33 et_pb_column et_pb_column_1_4 et_block_column et_pb_css_mix_blend_mode_passthrough preset--module--divi-column--default\">\n<div class=\"et_pb_image_17 et_pb_image et_pb_module et_block_module\"><a href=\"https:\/\/rockland-danse.fr\/index.php\/_danse-classique-josiane_\/\"><span class=\"et_pb_image_wrap\"><img decoding=\"async\" src=\"https:\/\/rockland-danse.fr\/wp-content\/uploads\/2023\/09\/Josiane.png\" width=\"400\" height=\"313\" srcset=\"https:\/\/rockland-danse.fr\/wp-content\/uploads\/2023\/09\/Josiane.png 400w, https:\/\/rockland-danse.fr\/wp-content\/uploads\/2023\/09\/Josiane-300x235.png 300w\" sizes=\"(max-width: 400px) 100vw, 400px\" class=\"wp-image-390\" title=\"Josiane\" \/><\/span><\/a><\/div>\n\n<div class=\"et_pb_text_35 et_pb_text et_pb_bg_layout_light et_pb_module et_block_module preset--module--divi-text--64e32d62-45da-4723-a702-ee241743d660\"><div class=\"et_pb_text_inner\"><h6>Classique Adultes - Josiane et sa troupe<\/h6>\n<\/div><\/div>\n\n<div class=\"et_pb_text_36 et_pb_text et_pb_bg_layout_light et_pb_module et_block_module preset--module--divi-text--4c43b4b6-66bf-432d-959a-705bda24a650\"><div class=\"et_pb_text_inner\"><p>.<\/p>\n<\/div><\/div>\n\n<div class=\"et_pb_module et_pb_button_module_wrapper et_pb_button_14_wrapper preset--module--divi-button--31b4f027-aaa0-4f2f-ae02-959764e19e4f_wrapper\"><a class=\"et_pb_button_14 et_pb_button et_pb_bg_layout_light et_pb_module et_block_module preset--module--divi-button--31b4f027-aaa0-4f2f-ae02-959764e19e4f\" href=\"https:\/\/rockland-danse.fr\/index.php\/_danse-classique-josiane_\/\">En savoir plus<\/a><\/div>\n<\/div>\n\n<div class=\"et_pb_column_34 et_pb_column et_pb_column_1_4 et_block_column et_pb_css_mix_blend_mode_passthrough preset--module--divi-column--default\">\n<div class=\"et_pb_image_18 et_pb_image et_pb_module et_block_module\"><a href=\"https:\/\/rockland-danse.fr\/index.php\/_tai-chi-thomas-noel_\/\"><span class=\"et_pb_image_wrap\"><img decoding=\"async\" src=\"https:\/\/rockland-danse.fr\/wp-content\/uploads\/2023\/09\/Design-sans-titre-14.png\" width=\"400\" height=\"313\" srcset=\"https:\/\/rockland-danse.fr\/wp-content\/uploads\/2023\/09\/Design-sans-titre-14.png 400w, https:\/\/rockland-danse.fr\/wp-content\/uploads\/2023\/09\/Design-sans-titre-14-300x235.png 300w\" sizes=\"(max-width: 400px) 100vw, 400px\" class=\"wp-image-495\" title=\"Design sans titre (14)\" \/><\/span><\/a><\/div>\n\n<div class=\"et_pb_text_37 et_pb_text et_pb_bg_layout_light et_pb_module et_block_module preset--module--divi-text--64e32d62-45da-4723-a702-ee241743d660\"><div class=\"et_pb_text_inner\"><h6>Ta\u00ef-Chi - Le ma\u00eetre Thomas No\u00ebl<\/h6>\n<\/div><\/div>\n\n<div class=\"et_pb_text_38 et_pb_text et_pb_bg_layout_light et_pb_module et_block_module preset--module--divi-text--4c43b4b6-66bf-432d-959a-705bda24a650\"><div class=\"et_pb_text_inner\"><p>.<\/p>\n<\/div><\/div>\n\n<div class=\"et_pb_module et_pb_button_module_wrapper et_pb_button_15_wrapper preset--module--divi-button--31b4f027-aaa0-4f2f-ae02-959764e19e4f_wrapper\"><a class=\"et_pb_button_15 et_pb_button et_pb_bg_layout_light et_pb_module et_block_module preset--module--divi-button--31b4f027-aaa0-4f2f-ae02-959764e19e4f\" href=\"https:\/\/rockland-danse.fr\/index.php\/_tai-chi-thomas-noel_\/\">En savoir plus<\/a><\/div>\n<\/div>\n\n<div class=\"et_pb_column_35 et_pb_column et_pb_column_1_4 et_block_column et_pb_css_mix_blend_mode_passthrough preset--module--divi-column--default\">\n<div class=\"et_pb_image_19 et_pb_image et_pb_module et_block_module\"><a href=\"https:\/\/rockland-danse.fr\/index.php\/_flamenco-jose-maya_\/\"><span class=\"et_pb_image_wrap\"><img decoding=\"async\" src=\"https:\/\/rockland-danse.fr\/wp-content\/uploads\/2023\/09\/Design-sans-titre-13.png\" width=\"400\" height=\"313\" srcset=\"https:\/\/rockland-danse.fr\/wp-content\/uploads\/2023\/09\/Design-sans-titre-13.png 400w, https:\/\/rockland-danse.fr\/wp-content\/uploads\/2023\/09\/Design-sans-titre-13-300x235.png 300w\" sizes=\"(max-width: 400px) 100vw, 400px\" class=\"wp-image-494\" title=\"Design sans titre (13)\" \/><\/span><\/a><\/div>\n\n<div class=\"et_pb_text_39 et_pb_text et_pb_bg_layout_light et_pb_module et_block_module preset--module--divi-text--64e32d62-45da-4723-a702-ee241743d660\"><div class=\"et_pb_text_inner\"><h6>Flamenco - le Grand Jose Maya et les autres invit\u00e9s de Cristina<\/h6>\n<\/div><\/div>\n\n<div class=\"et_pb_text_40 et_pb_text et_pb_bg_layout_light et_pb_module et_block_module preset--module--divi-text--4c43b4b6-66bf-432d-959a-705bda24a650\"><div class=\"et_pb_text_inner\"><p>.<\/p>\n<\/div><\/div>\n\n<div class=\"et_pb_module et_pb_button_module_wrapper et_pb_button_16_wrapper preset--module--divi-button--31b4f027-aaa0-4f2f-ae02-959764e19e4f_wrapper\"><a class=\"et_pb_button_16 et_pb_button et_pb_bg_layout_light et_pb_module et_block_module preset--module--divi-button--31b4f027-aaa0-4f2f-ae02-959764e19e4f\" href=\"https:\/\/rockland-danse.fr\/index.php\/_flamenco-jose-maya_\/\">En savoir plus<\/a><\/div>\n<\/div>\n\n<div class=\"et_pb_column_36 et_pb_column et_pb_column_1_4 et-last-child et_block_column et_pb_css_mix_blend_mode_passthrough preset--module--divi-column--default\">\n<div class=\"et_pb_image_20 et_pb_image et_pb_module et_block_module\"><a href=\"https:\/\/rockland-danse.fr\/index.php\/_comedie-musicale-nathalie-lefevre_\/\"><span class=\"et_pb_image_wrap\"><img decoding=\"async\" src=\"https:\/\/rockland-danse.fr\/wp-content\/uploads\/2023\/09\/Nathalie-Lefevre-scaled.jpg\" title=\"Nathalie Lefevre\" width=\"1707\" height=\"2560\" srcset=\"https:\/\/rockland-danse.fr\/wp-content\/uploads\/2023\/09\/Nathalie-Lefevre-scaled.jpg 1707w, https:\/\/rockland-danse.fr\/wp-content\/uploads\/2023\/09\/Nathalie-Lefevre-1280x1920.jpg 1280w, https:\/\/rockland-danse.fr\/wp-content\/uploads\/2023\/09\/Nathalie-Lefevre-980x1470.jpg 980w, https:\/\/rockland-danse.fr\/wp-content\/uploads\/2023\/09\/Nathalie-Lefevre-480x720.jpg 480w\" sizes=\"(min-width: 0px) and (max-width: 480px) 480px, (min-width: 481px) and (max-width: 980px) 980px, (min-width: 981px) and (max-width: 1280px) 1280px, (min-width: 1281px) 1707px, 100vw\" class=\"wp-image-706\" \/><\/span><\/a><\/div>\n\n<div class=\"et_pb_text_41 et_pb_text et_pb_bg_layout_light et_pb_module et_block_module preset--module--divi-text--64e32d62-45da-4723-a702-ee241743d660\"><div class=\"et_pb_text_inner\"><h6>Com\u00e9die Musicale enfants, Adultes - Nathalie Lef\u00e8vre<\/h6>\n<\/div><\/div>\n\n<div class=\"et_pb_text_42 et_pb_text et_pb_bg_layout_light et_pb_module et_block_module preset--module--divi-text--4c43b4b6-66bf-432d-959a-705bda24a650\"><div class=\"et_pb_text_inner\"><p>.<\/p>\n<\/div><\/div>\n\n<div class=\"et_pb_module et_pb_button_module_wrapper et_pb_button_17_wrapper preset--module--divi-button--31b4f027-aaa0-4f2f-ae02-959764e19e4f_wrapper\"><a class=\"et_pb_button_17 et_pb_button et_pb_bg_layout_light et_pb_module et_block_module preset--module--divi-button--31b4f027-aaa0-4f2f-ae02-959764e19e4f\" href=\"https:\/\/rockland-danse.fr\/index.php\/_comedie-musicale-nathalie-lefevre_\/\">En savoir plus<\/a><\/div>\n<\/div>\n<\/div>\n\n<div class=\"et_pb_row_19 et_pb_row et-vb-row--no-module et_block_row\">\n<div class=\"et_pb_column_37 et_pb_column et_pb_column_1_2 et_block_column et_pb_column_empty et_pb_css_mix_blend_mode_passthrough preset--module--divi-column--default\"><\/div>\n\n<div class=\"et_pb_column_38 et_pb_column et_pb_column_1_2 et-last-child et_block_column et_pb_column_empty et_pb_css_mix_blend_mode_passthrough preset--module--divi-column--default\"><\/div>\n<\/div>\n<\/div>\n\n<div class=\"et_pb_section_1 et_pb_section et_section_regular et_block_section\">\n<div class=\"et_pb_row_20 et_pb_row et_block_row\">\n<div class=\"et_pb_column_39 et_pb_column et_pb_column_4_4 et-last-child et_block_column et_pb_css_mix_blend_mode_passthrough preset--module--divi-column--default\">\n<div class=\"et_pb_text_43 et_pb_text et_pb_bg_layout_light et_pb_module et_block_module et_pb_text_align_center preset--module--divi-text--b327cbe4-b1d5-4b66-ad37-40c8f2f061ba\"><div class=\"et_pb_text_inner\"><h2>Les Dimanches exceptionnels<\/h2>\n<\/div><\/div>\n\n<div class=\"et_pb_text_44 et_pb_text et_pb_bg_layout_light et_pb_module et_block_module et_pb_text_align_center preset--module--divi-text--1f09816e-184e-4ce5-a4cf-b39c52c423ca\"><div class=\"et_pb_text_inner\"><p>Nous vous proposons tr\u00e8s prochainement des cours avec de grandes personnalit\u00e9s du monde de la danse... Un format unique, intimiste, privil\u00e9gi\u00e9 qui fait la part belle aux \u00e9changes de qualit\u00e9.<\/p>\n<p>Rendez-vous sur <a href=\"https:\/\/www.instagram.com\/rockland.paris\/\" target=\"_blank\" rel=\"noopener\">Instagram<\/a> pour conna\u00eetre les prochaines dates...<\/p>\n<\/div><\/div>\n<\/div>\n<\/div>\n\n<div class=\"et_pb_row_21 et_pb_row et-vb-row--no-module et_block_row\">\n<div class=\"et_pb_column_40 et_pb_column et_pb_column_4_4 et-last-child et_block_column et_pb_column_empty et_pb_css_mix_blend_mode_passthrough preset--module--divi-column--default\"><\/div>\n<\/div>\n<\/div>\n\n<div class=\"et_pb_section_2 et_pb_section et_section_regular et_block_section\"><\/div>","protected":false},"excerpt":{"rendered":"","protected":false},"author":1,"featured_media":0,"parent":0,"menu_order":0,"comment_status":"closed","ping_status":"closed","template":"","meta":{"footnotes":""},"class_list":["post-99","page","type-page","status-publish","hentry"],"yoast_head":"<!-- This site is optimized with the Yoast SEO plugin v28.4 - https:\/\/yoast.com\/product\/yoast-seo-wordpress\/ -->\n<title>Cours danse enfant adultes Paris 75018Nos Professeurs - Studio Rockland<\/title>\n<meta name=\"description\" content=\"Studio Rockland propose des cours de Danse classique, Rock Swing, Salsa, Bachata, Street jazz, Pilates, Yoga... enfants adulte \u00e0 Paris 75018\" \/>\n<meta name=\"robots\" content=\"index, follow, max-snippet:-1, max-image-preview:large, max-video-preview:-1\" \/>\n<link rel=\"canonical\" href=\"https:\/\/rockland-danse.fr\/index.php\/les-professeurs\/\" \/>\n<meta property=\"og:locale\" content=\"fr_FR\" \/>\n<meta property=\"og:type\" content=\"article\" \/>\n<meta property=\"og:title\" content=\"Cours danse enfant adultes Paris 75018Nos Professeurs - Studio Rockland\" \/>\n<meta property=\"og:description\" content=\"Studio Rockland propose des cours de Danse classique, Rock Swing, Salsa, Bachata, Street jazz, Pilates, Yoga... enfants adulte \u00e0 Paris 75018\" \/>\n<meta property=\"og:url\" content=\"https:\/\/rockland-danse.fr\/index.php\/les-professeurs\/\" \/>\n<meta property=\"og:site_name\" content=\"Studio Rockland\" \/>\n<meta property=\"article:publisher\" content=\"https:\/\/www.facebook.com\/profile.php?id=61552578840601\" \/>\n<meta property=\"article:modified_time\" content=\"2026-09-01T07:44:12+00:00\" \/>\n<meta property=\"og:image\" content=\"https:\/\/rockland-danse.fr\/wp-content\/uploads\/2023\/11\/Notre-reve-en-progres.jpeg\" \/>\n\t<meta property=\"og:image:width\" content=\"1653\" \/>\n\t<meta property=\"og:image:height\" content=\"891\" \/>\n\t<meta property=\"og:image:type\" content=\"image\/jpeg\" \/>\n<meta name=\"twitter:card\" content=\"summary_large_image\" \/>\n<meta name=\"twitter:label1\" content=\"Dur\u00e9e de lecture estim\u00e9e\" \/>\n\t<meta name=\"twitter:data1\" content=\"7 minutes\" \/>\n<script type=\"application\/ld+json\" class=\"yoast-schema-graph\">{\"@context\":\"https:\\\/\\\/schema.org\",\"@graph\":[{\"@type\":\"WebPage\",\"@id\":\"https:\\\/\\\/rockland-danse.fr\\\/index.php\\\/les-professeurs\\\/\",\"url\":\"https:\\\/\\\/rockland-danse.fr\\\/index.php\\\/les-professeurs\\\/\",\"name\":\"Cours danse enfant adultes Paris 75018Nos Professeurs - Studio Rockland\",\"isPartOf\":{\"@id\":\"https:\\\/\\\/rockland-danse.fr\\\/#website\"},\"datePublished\":\"2023-08-24T09:54:23+00:00\",\"dateModified\":\"2026-09-01T07:44:12+00:00\",\"description\":\"Studio Rockland propose des cours de Danse classique, Rock Swing, Salsa, Bachata, Street jazz, Pilates, Yoga... enfants adulte \u00e0 Paris 75018\",\"breadcrumb\":{\"@id\":\"https:\\\/\\\/rockland-danse.fr\\\/index.php\\\/les-professeurs\\\/#breadcrumb\"},\"inLanguage\":\"fr-FR\",\"potentialAction\":[{\"@type\":\"ReadAction\",\"target\":[\"https:\\\/\\\/rockland-danse.fr\\\/index.php\\\/les-professeurs\\\/\"]}]},{\"@type\":\"BreadcrumbList\",\"@id\":\"https:\\\/\\\/rockland-danse.fr\\\/index.php\\\/les-professeurs\\\/#breadcrumb\",\"itemListElement\":[{\"@type\":\"ListItem\",\"position\":1,\"name\":\"Accueil\",\"item\":\"https:\\\/\\\/rockland-danse.fr\\\/\"},{\"@type\":\"ListItem\",\"position\":2,\"name\":\"Nos Professeurs\"}]},{\"@type\":\"WebSite\",\"@id\":\"https:\\\/\\\/rockland-danse.fr\\\/#website\",\"url\":\"https:\\\/\\\/rockland-danse.fr\\\/\",\"name\":\"rockland-danse.fr\",\"description\":\"Cours de danse pour enfants et adultes \u00e0 Paris 75018\",\"publisher\":{\"@id\":\"https:\\\/\\\/rockland-danse.fr\\\/#organization\"},\"potentialAction\":[{\"@type\":\"SearchAction\",\"target\":{\"@type\":\"EntryPoint\",\"urlTemplate\":\"https:\\\/\\\/rockland-danse.fr\\\/?s={search_term_string}\"},\"query-input\":{\"@type\":\"PropertyValueSpecification\",\"valueRequired\":true,\"valueName\":\"search_term_string\"}}],\"inLanguage\":\"fr-FR\"},{\"@type\":\"Organization\",\"@id\":\"https:\\\/\\\/rockland-danse.fr\\\/#organization\",\"name\":\"Studio Rockland\",\"url\":\"https:\\\/\\\/rockland-danse.fr\\\/\",\"logo\":{\"@type\":\"ImageObject\",\"inLanguage\":\"fr-FR\",\"@id\":\"https:\\\/\\\/rockland-danse.fr\\\/#\\\/schema\\\/logo\\\/image\\\/\",\"url\":\"https:\\\/\\\/rockland-danse.fr\\\/wp-content\\\/uploads\\\/2023\\\/08\\\/Design-sans-titre-5.png\",\"contentUrl\":\"https:\\\/\\\/rockland-danse.fr\\\/wp-content\\\/uploads\\\/2023\\\/08\\\/Design-sans-titre-5.png\",\"width\":394,\"height\":263,\"caption\":\"Studio Rockland\"},\"image\":{\"@id\":\"https:\\\/\\\/rockland-danse.fr\\\/#\\\/schema\\\/logo\\\/image\\\/\"},\"sameAs\":[\"https:\\\/\\\/www.facebook.com\\\/profile.php?id=61552578840601\",\"https:\\\/\\\/www.instagram.com\\\/rockland.paris\\\/\"]}]}<\/script>\n<!-- \/ Yoast SEO plugin. -->","yoast_head_json":{"title":"Cours danse enfant adultes Paris 75018Nos Professeurs - Studio Rockland","description":"Studio Rockland propose des cours de Danse classique, Rock Swing, Salsa, Bachata, Street jazz, Pilates, Yoga... enfants adulte \u00e0 Paris 75018","robots":{"index":"index","follow":"follow","max-snippet":"max-snippet:-1","max-image-preview":"max-image-preview:large","max-video-preview":"max-video-preview:-1"},"canonical":"https:\/\/rockland-danse.fr\/index.php\/les-professeurs\/","og_locale":"fr_FR","og_type":"article","og_title":"Cours danse enfant adultes Paris 75018Nos Professeurs - Studio Rockland","og_description":"Studio Rockland propose des cours de Danse classique, Rock Swing, Salsa, Bachata, Street jazz, Pilates, Yoga... enfants adulte \u00e0 Paris 75018","og_url":"https:\/\/rockland-danse.fr\/index.php\/les-professeurs\/","og_site_name":"Studio Rockland","article_publisher":"https:\/\/www.facebook.com\/profile.php?id=61552578840601","article_modified_time":"2026-09-01T07:44:12+00:00","og_image":[{"width":1653,"height":891,"url":"https:\/\/rockland-danse.fr\/wp-content\/uploads\/2023\/11\/Notre-reve-en-progres.jpeg","type":"image\/jpeg"}],"twitter_card":"summary_large_image","twitter_misc":{"Dur\u00e9e de lecture estim\u00e9e":"7 minutes"},"schema":{"@context":"https:\/\/schema.org","@graph":[{"@type":"WebPage","@id":"https:\/\/rockland-danse.fr\/index.php\/les-professeurs\/","url":"https:\/\/rockland-danse.fr\/index.php\/les-professeurs\/","name":"Cours danse enfant adultes Paris 75018Nos Professeurs - Studio Rockland","isPartOf":{"@id":"https:\/\/rockland-danse.fr\/#website"},"datePublished":"2023-08-24T09:54:23+00:00","dateModified":"2026-09-01T07:44:12+00:00","description":"Studio Rockland propose des cours de Danse classique, Rock Swing, Salsa, Bachata, Street jazz, Pilates, Yoga... enfants adulte \u00e0 Paris 75018","breadcrumb":{"@id":"https:\/\/rockland-danse.fr\/index.php\/les-professeurs\/#breadcrumb"},"inLanguage":"fr-FR","potentialAction":[{"@type":"ReadAction","target":["https:\/\/rockland-danse.fr\/index.php\/les-professeurs\/"]}]},{"@type":"BreadcrumbList","@id":"https:\/\/rockland-danse.fr\/index.php\/les-professeurs\/#breadcrumb","itemListElement":[{"@type":"ListItem","position":1,"name":"Accueil","item":"https:\/\/rockland-danse.fr\/"},{"@type":"ListItem","position":2,"name":"Nos Professeurs"}]},{"@type":"WebSite","@id":"https:\/\/rockland-danse.fr\/#website","url":"https:\/\/rockland-danse.fr\/","name":"rockland-danse.fr","description":"Cours de danse pour enfants et adultes \u00e0 Paris 75018","publisher":{"@id":"https:\/\/rockland-danse.fr\/#organization"},"potentialAction":[{"@type":"SearchAction","target":{"@type":"EntryPoint","urlTemplate":"https:\/\/rockland-danse.fr\/?s={search_term_string}"},"query-input":{"@type":"PropertyValueSpecification","valueRequired":true,"valueName":"search_term_string"}}],"inLanguage":"fr-FR"},{"@type":"Organization","@id":"https:\/\/rockland-danse.fr\/#organization","name":"Studio Rockland","url":"https:\/\/rockland-danse.fr\/","logo":{"@type":"ImageObject","inLanguage":"fr-FR","@id":"https:\/\/rockland-danse.fr\/#\/schema\/logo\/image\/","url":"https:\/\/rockland-danse.fr\/wp-content\/uploads\/2023\/08\/Design-sans-titre-5.png","contentUrl":"https:\/\/rockland-danse.fr\/wp-content\/uploads\/2023\/08\/Design-sans-titre-5.png","width":394,"height":263,"caption":"Studio Rockland"},"image":{"@id":"https:\/\/rockland-danse.fr\/#\/schema\/logo\/image\/"},"sameAs":["https:\/\/www.facebook.com\/profile.php?id=61552578840601","https:\/\/www.instagram.com\/rockland.paris\/"]}]}},"_links":{"self":[{"href":"https:\/\/rockland-danse.fr\/index.php\/wp-json\/wp\/v2\/pages\/99","targetHints":{"allow":["GET"]}}],"collection":[{"href":"https:\/\/rockland-danse.fr\/index.php\/wp-json\/wp\/v2\/pages"}],"about":[{"href":"https:\/\/rockland-danse.fr\/index.php\/wp-json\/wp\/v2\/types\/page"}],"author":[{"embeddable":true,"href":"https:\/\/rockland-danse.fr\/index.php\/wp-json\/wp\/v2\/users\/1"}],"replies":[{"embeddable":true,"href":"https:\/\/rockland-danse.fr\/index.php\/wp-json\/wp\/v2\/comments?post=99"}],"version-history":[{"count":91,"href":"https:\/\/rockland-danse.fr\/index.php\/wp-json\/wp\/v2\/pages\/99\/revisions"}],"predecessor-version":[{"id":5005,"href":"https:\/\/rockland-danse.fr\/index.php\/wp-json\/wp\/v2\/pages\/99\/revisions\/5005"}],"wp:attachment":[{"href":"https:\/\/rockland-danse.fr\/index.php\/wp-json\/wp\/v2\/media?parent=99"}],"curies":[{"name":"wp","href":"https:\/\/api.w.org\/{rel}","templated":true}]}}